{"id":668,"date":"2017-05-25T08:59:43","date_gmt":"2017-05-25T08:59:43","guid":{"rendered":"https:\/\/www.raimondi-cucine.it\/?page_id=668"},"modified":"2024-01-23T16:36:41","modified_gmt":"2024-01-23T16:36:41","slug":"vendita-cucine-moderne","status":"publish","type":"page","link":"https:\/\/www.raimondi-cucine.it\/it\/fotografie-cucine-componibili\/vendita-cucine-moderne\/","title":{"rendered":"Cucine moderne"},"content":{"rendered":"<p><img loading=\"lazy\" decoding=\"async\" class=\"size-full wp-image-2142\" style=\"width: 100%; border: 5px solid #e5e5e5; border-radius: 5px;\" src=\"https:\/\/www.raimondi-cucine.it\/wp-content\/uploads\/cucine_moderne_Sicilia.jpg\" alt=\"Progettazione cucine moderne in fabbrica con materiali di qualit\u00e0. Acquista la tua cucina componibile in Sicilia.\" width=\"910\" height=\"597\" srcset=\"https:\/\/www.raimondi-cucine.it\/wp-content\/uploads\/cucine_moderne_Sicilia.jpg 910w, https:\/\/www.raimondi-cucine.it\/wp-content\/uploads\/cucine_moderne_Sicilia-450x295.jpg 450w, https:\/\/www.raimondi-cucine.it\/wp-content\/uploads\/cucine_moderne_Sicilia-768x504.jpg 768w\" sizes=\"(max-width: 910px) 100vw, 910px\" \/><\/p>\n<style>#jtg-2910 .modula-item .jtg-social a, .lightbox-socials.jtg-social a{ color: #ffffff }#jtg-2910 .modula-item .jtg-social svg, .lightbox-socials.jtg-social svg { height: 16px; width: 16px }#jtg-2910 .modula-item .jtg-social a:not(:last-child), .lightbox-socials.jtg-social a:not(:last-child) { margin-right: 10px }#jtg-2910 .modula-item .figc {color:#ffffff;}#jtg-2910 .modula-item .modula-item-content { transform: scale(1) }#jtg-2910 { width:100%;}#jtg-2910 .modula-items .figc p.description { font-size:14px; }#jtg-2910 .modula-items .figc p.description { color:#ffffff;}#jtg-2910.modula-gallery .modula-item > a, #jtg-2910.modula-gallery .modula-item, #jtg-2910.modula-gallery .modula-item-content > a:not(.modula-no-follow) { cursor:zoom-in; } #jtg-2910.modula-gallery .modula-item-content .modula-no-follow { cursor: default; } @media screen and (max-width:480px){#jtg-2910 .modula-item .figc .jtg-title {  font-size: 12px; }#jtg-2910 .modula-items .figc p.description { color:#ffffff;font-size:10px; }}<\/style>\n<!-- Gallery Container -->\n<div  id=\"jtg-2910\" class=\"modula modula-gallery modula-columns\" data-config=\"{&quot;tabletHeight&quot;:0,&quot;mobileHeight&quot;:0,&quot;desktopHeight&quot;:0,&quot;enableTwitter&quot;:false,&quot;enableWhatsapp&quot;:false,&quot;enableFacebook&quot;:false,&quot;enablePinterest&quot;:false,&quot;enableLinkedin&quot;:false,&quot;enableEmail&quot;:false,&quot;randomFactor&quot;:0,&quot;type&quot;:&quot;grid&quot;,&quot;columns&quot;:12,&quot;gutter&quot;:10,&quot;mobileGutter&quot;:10,&quot;tabletGutter&quot;:10,&quot;desktopGutter&quot;:10,&quot;enableResponsive&quot;:&quot;0&quot;,&quot;tabletColumns&quot;:&quot;2&quot;,&quot;mobileColumns&quot;:&quot;1&quot;,&quot;lazyLoad&quot;:&quot;1&quot;,&quot;lightboxOpts&quot;:{&quot;loop&quot;:false,&quot;arrows&quot;:true,&quot;toolbar&quot;:true,&quot;keyboard&quot;:true,&quot;wheel&quot;:false,&quot;buttons&quot;:[&quot;close&quot;],&quot;hash&quot;:false,&quot;lang&quot;:&quot;en&quot;,&quot;touch&quot;:false,&quot;protect&quot;:false,&quot;i18n&quot;:{&quot;en&quot;:{&quot;CLOSE&quot;:&quot;Close&quot;,&quot;NEXT&quot;:&quot;Next&quot;,&quot;PREV&quot;:&quot;Previous&quot;,&quot;Error&quot;:&quot;The requested content cannot be loaded. Please try again later.&quot;,&quot;PLAY_START&quot;:&quot;Start slideshow&quot;,&quot;PLAY_STOP&quot;:&quot;Pause slideshow&quot;,&quot;FULL_SCREEN&quot;:&quot;Full screen&quot;,&quot;THUMBS&quot;:&quot;Thumbnails&quot;,&quot;DOWNLOAD&quot;:&quot;Download&quot;,&quot;SHARE&quot;:&quot;Share&quot;,&quot;ZOOM&quot;:&quot;Zoom&quot;}},&quot;clickSlide&quot;:false,&quot;clickOutside&quot;:false,&quot;dblclickContent&quot;:false,&quot;dblclickSlide&quot;:false,&quot;dblclickOutside&quot;:false,&quot;clickContent&quot;:false,&quot;baseTpl&quot;:&quot;&lt;div class=\\&quot;modula-fancybox-container modula-lightbox-jtg-2910\\&quot; role=\\&quot;dialog\\&quot; tabindex=\\&quot;-1\\&quot;&gt;&lt;div class=\\&quot;modula-fancybox-bg\\&quot;&gt;&lt;\\\/div&gt;&lt;div class=\\&quot;modula-fancybox-inner\\&quot;&gt;&lt;div class=\\&quot;modula-fancybox-infobar\\&quot;&gt;&lt;span data-fancybox-index&gt;&lt;\\\/span&gt;&nbsp;\\\/&nbsp;&lt;span data-fancybox-count&gt;&lt;\\\/span&gt;&lt;\\\/div&gt;&lt;div class=\\&quot;modula-fancybox-toolbar\\&quot;&gt;{{buttons}}&lt;\\\/div&gt;&lt;div class=\\&quot;modula-fancybox-navigation\\&quot;&gt;{{arrows}}&lt;\\\/div&gt;&lt;div class=\\&quot;modula-fancybox-stage\\&quot;&gt;&lt;\\\/div&gt;&lt;div class=\\&quot;modula-fancybox-caption\\&quot;&gt;&lt;div class=\\&quot;modula-fancybox-caption__body\\&quot;&gt;&lt;\\\/div&gt;&lt;\\\/div&gt;&lt;\\\/div&gt;&lt;\\\/div&gt;&quot;},&quot;inView&quot;:false,&quot;email_subject&quot;:&quot;Check out this awesome image !!&quot;,&quot;email_message&quot;:&quot;Here is the link to the image : %%image_link%% and this is the link to the gallery : %%gallery_link%%&quot;,&quot;grid_type&quot;:&quot;automatic&quot;,&quot;rowHeight&quot;:250,&quot;lastRow&quot;:&quot;justify&quot;,&quot;lightbox&quot;:&quot;fancybox&quot;}\">\n\n\t\n\t<!-- Items Container -->\n\t<div  class=\"modula-items grid-gallery\">\n\t\t<div class=\"modula-item effect-pufrobo\" >\n\t<div class=\"modula-item-overlay\"><\/div>\n\n\t<div class=\"modula-item-content\">\n\n\t\t\t\t\n\t\t\t\t\t<a data-image-id=\"1725\" rel=\"jtg-2910\" data-caption=\"Cucina moderna e funzionale con tavolo da snack. Nell&#039;isola centrale della cucina trova posto un pratico piano di cottura.\" aria-label=\"Open image in lightbox\" class=\"tile-inner modula-item-link\"><\/a>\n\t\t\n\t\t<img class=\"pic wp-image-1725 lazyload\"  data-valign=\"middle\" data-halign=\"center\" alt=\"Cucina moderna e funzionale con tavolo da snack. Nell&#039;isola centrale della cucina trova posto un pratico piano di cottura.\" data-full=\"https:\/\/www.raimondi-cucine.it\/wp-content\/uploads\/isola_tavolo_snack.jpg\" title=\"Cucina moderna e funzionale con tavolo da snack. Nell&#039;isola centrale della cucina trova posto un pratico piano di cottura.\" width=\"300\" height=\"199\" data-src=\"https:\/\/www.raimondi-cucine.it\/wp-content\/uploads\/isola_tavolo_snack-300x199.jpg\" data-caption=\"Cucina moderna e funzionale con tavolo da snack. Nell&#039;isola centrale della cucina trova posto un pratico piano di cottura.\" data-source=\"modula\" data-srcset=\"https:\/\/www.raimondi-cucine.it\/wp-content\/uploads\/isola_tavolo_snack.jpg 1900w, https:\/\/www.raimondi-cucine.it\/wp-content\/uploads\/isola_tavolo_snack-300x199.jpg 300w, https:\/\/www.raimondi-cucine.it\/wp-content\/uploads\/isola_tavolo_snack-768x510.jpg 768w, https:\/\/www.raimondi-cucine.it\/wp-content\/uploads\/isola_tavolo_snack-1024x680.jpg 1024w, https:\/\/www.raimondi-cucine.it\/wp-content\/uploads\/isola_tavolo_snack-1080x717.jpg 1080w\" data-sizes=\"(max-width: 300px) 100vw, 300px\" \/>\n\t\t<div class=\"figc\">\n\t\t\t<div class=\"figc-inner\">\n\t\t\t\t\t\t\t\t\t\t\t\t\t<p class=\"description\">Cucina moderna e funzionale con tavolo da snack. Nell'isola centrale della cucina trova posto un pratico piano di cottura.<\/p>\n\t\t\t\t\t\t\t\t\t\t\t<\/div>\n\t\t<\/div>\n\n\t<\/div>\n\n<\/div><div class=\"modula-item effect-pufrobo\" >\n\t<div class=\"modula-item-overlay\"><\/div>\n\n\t<div class=\"modula-item-content\">\n\n\t\t\t\t\n\t\t\t\t\t<a data-image-id=\"1724\" rel=\"jtg-2910\" data-caption=\"Il piano cottura della cucina \u00e8 posizionato nell&#039;isola centrale. La cappa e le prese elettriche sono a scomparsa.\" aria-label=\"Open image in lightbox\" class=\"tile-inner modula-item-link\"><\/a>\n\t\t\n\t\t<img class=\"pic wp-image-1724 lazyload\"  data-valign=\"middle\" data-halign=\"center\" alt=\"Il piano cottura della cucina \u00e8 posizionato nell&#039;isola centrale. La cappa e le prese elettriche sono a scomparsa.\" data-full=\"https:\/\/www.raimondi-cucine.it\/wp-content\/uploads\/cucina_moderna_isola_multifunzione.png\" title=\"Il piano cottura della cucina \u00e8 posizionato nell&#039;isola centrale. La cappa e le prese elettriche sono a scomparsa.\" width=\"300\" height=\"199\" data-src=\"https:\/\/www.raimondi-cucine.it\/wp-content\/uploads\/cucina_moderna_isola_multifunzione-300x199.png\" data-caption=\"Il piano cottura della cucina \u00e8 posizionato nell&#039;isola centrale. La cappa e le prese elettriche sono a scomparsa.\" data-source=\"modula\" data-srcset=\"https:\/\/www.raimondi-cucine.it\/wp-content\/uploads\/cucina_moderna_isola_multifunzione.png 1900w, https:\/\/www.raimondi-cucine.it\/wp-content\/uploads\/cucina_moderna_isola_multifunzione-300x199.png 300w, https:\/\/www.raimondi-cucine.it\/wp-content\/uploads\/cucina_moderna_isola_multifunzione-768x510.png 768w, https:\/\/www.raimondi-cucine.it\/wp-content\/uploads\/cucina_moderna_isola_multifunzione-1024x680.png 1024w, https:\/\/www.raimondi-cucine.it\/wp-content\/uploads\/cucina_moderna_isola_multifunzione-1080x717.png 1080w\" data-sizes=\"(max-width: 300px) 100vw, 300px\" \/>\n\t\t<div class=\"figc\">\n\t\t\t<div class=\"figc-inner\">\n\t\t\t\t\t\t\t\t\t\t\t\t\t<p class=\"description\">Il piano cottura della cucina \u00e8 posizionato nell'isola centrale. La cappa e le prese elettriche sono a scomparsa.<\/p>\n\t\t\t\t\t\t\t\t\t\t\t<\/div>\n\t\t<\/div>\n\n\t<\/div>\n\n<\/div><div class=\"modula-item effect-pufrobo\" >\n\t<div class=\"modula-item-overlay\"><\/div>\n\n\t<div class=\"modula-item-content\">\n\n\t\t\t\t\n\t\t\t\t\t<a data-image-id=\"638\" rel=\"jtg-2910\" data-caption=\"\" aria-label=\"Open image in lightbox\" class=\"tile-inner modula-item-link\"><\/a>\n\t\t\n\t\t<img class=\"pic wp-image-638 lazyload\"  data-valign=\"middle\" data-halign=\"center\" alt=\"Vendita cucine componibili moderne\" data-full=\"https:\/\/www.raimondi-cucine.it\/wp-content\/uploads\/cucina-moderna-chiara.jpg\" title=\"Cucina moderna Chiara\" width=\"300\" height=\"211\" data-src=\"https:\/\/www.raimondi-cucine.it\/wp-content\/uploads\/cucina-moderna-chiara-300x211.jpg\" data-caption=\"\" data-source=\"modula\" data-srcset=\"https:\/\/www.raimondi-cucine.it\/wp-content\/uploads\/cucina-moderna-chiara.jpg 1024w, https:\/\/www.raimondi-cucine.it\/wp-content\/uploads\/cucina-moderna-chiara-300x211.jpg 300w, https:\/\/www.raimondi-cucine.it\/wp-content\/uploads\/cucina-moderna-chiara-768x541.jpg 768w\" data-sizes=\"(max-width: 300px) 100vw, 300px\" \/>\n\t\t<div class=\"figc no-description\">\n\t\t\t<div class=\"figc-inner\">\n\t\t\t\t\t\t\t\t\t\t\t\t\t\t\t<\/div>\n\t\t<\/div>\n\n\t<\/div>\n\n<\/div><div class=\"modula-item effect-pufrobo\" >\n\t<div class=\"modula-item-overlay\"><\/div>\n\n\t<div class=\"modula-item-content\">\n\n\t\t\t\t\n\t\t\t\t\t<a data-image-id=\"639\" rel=\"jtg-2910\" data-caption=\"\" aria-label=\"Open image in lightbox\" class=\"tile-inner modula-item-link\"><\/a>\n\t\t\n\t\t<img class=\"pic wp-image-639 lazyload\"  data-valign=\"middle\" data-halign=\"center\" alt=\"Vendita cucine componibili moderne\" data-full=\"https:\/\/www.raimondi-cucine.it\/wp-content\/uploads\/cucina-moderna-componibile_01.jpg\" title=\"Cucina moderna Velvet\" width=\"300\" height=\"200\" data-src=\"https:\/\/www.raimondi-cucine.it\/wp-content\/uploads\/cucina-moderna-componibile_01-300x200.jpg\" data-caption=\"\" data-source=\"modula\" data-srcset=\"https:\/\/www.raimondi-cucine.it\/wp-content\/uploads\/cucina-moderna-componibile_01.jpg 1024w, https:\/\/www.raimondi-cucine.it\/wp-content\/uploads\/cucina-moderna-componibile_01-300x200.jpg 300w, https:\/\/www.raimondi-cucine.it\/wp-content\/uploads\/cucina-moderna-componibile_01-768x512.jpg 768w\" data-sizes=\"(max-width: 300px) 100vw, 300px\" \/>\n\t\t<div class=\"figc no-description\">\n\t\t\t<div class=\"figc-inner\">\n\t\t\t\t\t\t\t\t\t\t\t\t\t\t\t<\/div>\n\t\t<\/div>\n\n\t<\/div>\n\n<\/div><div class=\"modula-item effect-pufrobo\" >\n\t<div class=\"modula-item-overlay\"><\/div>\n\n\t<div class=\"modula-item-content\">\n\n\t\t\t\t\n\t\t\t\t\t<a data-image-id=\"640\" rel=\"jtg-2910\" data-caption=\"\" aria-label=\"Open image in lightbox\" class=\"tile-inner modula-item-link\"><\/a>\n\t\t\n\t\t<img class=\"pic wp-image-640 lazyload\"  data-valign=\"middle\" data-halign=\"center\" alt=\"Vendita cucine componibili moderne\" data-full=\"https:\/\/www.raimondi-cucine.it\/wp-content\/uploads\/cucina-moderna-componibile_02.jpg\" title=\"Cucina moderna Velvet\" width=\"300\" height=\"200\" data-src=\"https:\/\/www.raimondi-cucine.it\/wp-content\/uploads\/cucina-moderna-componibile_02-300x200.jpg\" data-caption=\"\" data-source=\"modula\" data-srcset=\"https:\/\/www.raimondi-cucine.it\/wp-content\/uploads\/cucina-moderna-componibile_02.jpg 1024w, https:\/\/www.raimondi-cucine.it\/wp-content\/uploads\/cucina-moderna-componibile_02-300x200.jpg 300w, https:\/\/www.raimondi-cucine.it\/wp-content\/uploads\/cucina-moderna-componibile_02-768x512.jpg 768w\" data-sizes=\"(max-width: 300px) 100vw, 300px\" \/>\n\t\t<div class=\"figc no-description\">\n\t\t\t<div class=\"figc-inner\">\n\t\t\t\t\t\t\t\t\t\t\t\t\t\t\t<\/div>\n\t\t<\/div>\n\n\t<\/div>\n\n<\/div><div class=\"modula-item effect-pufrobo\" >\n\t<div class=\"modula-item-overlay\"><\/div>\n\n\t<div class=\"modula-item-content\">\n\n\t\t\t\t\n\t\t\t\t\t<a data-image-id=\"642\" rel=\"jtg-2910\" data-caption=\"\" aria-label=\"Open image in lightbox\" class=\"tile-inner modula-item-link\"><\/a>\n\t\t\n\t\t<img class=\"pic wp-image-642 lazyload\"  data-valign=\"middle\" data-halign=\"center\" alt=\"Vendita cucine componibili moderne\" data-full=\"https:\/\/www.raimondi-cucine.it\/wp-content\/uploads\/cucina-moderna-componibile_04.jpg\" title=\"Cucina moderna Velvet\" width=\"300\" height=\"200\" data-src=\"https:\/\/www.raimondi-cucine.it\/wp-content\/uploads\/cucina-moderna-componibile_04-300x200.jpg\" data-caption=\"\" data-source=\"modula\" data-srcset=\"https:\/\/www.raimondi-cucine.it\/wp-content\/uploads\/cucina-moderna-componibile_04.jpg 1024w, https:\/\/www.raimondi-cucine.it\/wp-content\/uploads\/cucina-moderna-componibile_04-300x200.jpg 300w, https:\/\/www.raimondi-cucine.it\/wp-content\/uploads\/cucina-moderna-componibile_04-768x512.jpg 768w\" data-sizes=\"(max-width: 300px) 100vw, 300px\" \/>\n\t\t<div class=\"figc no-description\">\n\t\t\t<div class=\"figc-inner\">\n\t\t\t\t\t\t\t\t\t\t\t\t\t\t\t<\/div>\n\t\t<\/div>\n\n\t<\/div>\n\n<\/div><div class=\"modula-item effect-pufrobo\" >\n\t<div class=\"modula-item-overlay\"><\/div>\n\n\t<div class=\"modula-item-content\">\n\n\t\t\t\t\n\t\t\t\t\t<a data-image-id=\"643\" rel=\"jtg-2910\" data-caption=\"\" aria-label=\"Open image in lightbox\" class=\"tile-inner modula-item-link\"><\/a>\n\t\t\n\t\t<img class=\"pic wp-image-643 lazyload\"  data-valign=\"middle\" data-halign=\"center\" alt=\"Vendita cucine componibili moderne\" data-full=\"https:\/\/www.raimondi-cucine.it\/wp-content\/uploads\/cucina-moderna-componibile_05.jpg\" title=\"Cucina moderna Velvet\" width=\"300\" height=\"200\" data-src=\"https:\/\/www.raimondi-cucine.it\/wp-content\/uploads\/cucina-moderna-componibile_05-300x200.jpg\" data-caption=\"\" data-source=\"modula\" data-srcset=\"https:\/\/www.raimondi-cucine.it\/wp-content\/uploads\/cucina-moderna-componibile_05.jpg 1024w, https:\/\/www.raimondi-cucine.it\/wp-content\/uploads\/cucina-moderna-componibile_05-300x200.jpg 300w, https:\/\/www.raimondi-cucine.it\/wp-content\/uploads\/cucina-moderna-componibile_05-768x512.jpg 768w\" data-sizes=\"(max-width: 300px) 100vw, 300px\" \/>\n\t\t<div class=\"figc no-description\">\n\t\t\t<div class=\"figc-inner\">\n\t\t\t\t\t\t\t\t\t\t\t\t\t\t\t<\/div>\n\t\t<\/div>\n\n\t<\/div>\n\n<\/div><div class=\"modula-item effect-pufrobo\" >\n\t<div class=\"modula-item-overlay\"><\/div>\n\n\t<div class=\"modula-item-content\">\n\n\t\t\t\t\n\t\t\t\t\t<a data-image-id=\"644\" rel=\"jtg-2910\" data-caption=\"\" aria-label=\"Open image in lightbox\" class=\"tile-inner modula-item-link\"><\/a>\n\t\t\n\t\t<img class=\"pic wp-image-644 lazyload\"  data-valign=\"middle\" data-halign=\"center\" alt=\"Vendita cucine componibili moderne\" data-full=\"https:\/\/www.raimondi-cucine.it\/wp-content\/uploads\/cucina-moderna-componibile_06.jpg\" title=\"Cucina moderna Velvet\" width=\"300\" height=\"200\" data-src=\"https:\/\/www.raimondi-cucine.it\/wp-content\/uploads\/cucina-moderna-componibile_06-300x200.jpg\" data-caption=\"\" data-source=\"modula\" data-srcset=\"https:\/\/www.raimondi-cucine.it\/wp-content\/uploads\/cucina-moderna-componibile_06.jpg 1024w, https:\/\/www.raimondi-cucine.it\/wp-content\/uploads\/cucina-moderna-componibile_06-300x200.jpg 300w, https:\/\/www.raimondi-cucine.it\/wp-content\/uploads\/cucina-moderna-componibile_06-768x512.jpg 768w\" data-sizes=\"(max-width: 300px) 100vw, 300px\" \/>\n\t\t<div class=\"figc no-description\">\n\t\t\t<div class=\"figc-inner\">\n\t\t\t\t\t\t\t\t\t\t\t\t\t\t\t<\/div>\n\t\t<\/div>\n\n\t<\/div>\n\n<\/div><div class=\"modula-item effect-pufrobo\" >\n\t<div class=\"modula-item-overlay\"><\/div>\n\n\t<div class=\"modula-item-content\">\n\n\t\t\t\t\n\t\t\t\t\t<a data-image-id=\"645\" rel=\"jtg-2910\" data-caption=\"\" aria-label=\"Open image in lightbox\" class=\"tile-inner modula-item-link\"><\/a>\n\t\t\n\t\t<img class=\"pic wp-image-645 lazyload\"  data-valign=\"middle\" data-halign=\"center\" alt=\"Vendita cucine componibili moderne\" data-full=\"https:\/\/www.raimondi-cucine.it\/wp-content\/uploads\/cucina-moderna-componibile_07.jpg\" title=\"Cucina moderna Velvet\" width=\"300\" height=\"200\" data-src=\"https:\/\/www.raimondi-cucine.it\/wp-content\/uploads\/cucina-moderna-componibile_07-300x200.jpg\" data-caption=\"\" data-source=\"modula\" data-srcset=\"https:\/\/www.raimondi-cucine.it\/wp-content\/uploads\/cucina-moderna-componibile_07.jpg 1024w, https:\/\/www.raimondi-cucine.it\/wp-content\/uploads\/cucina-moderna-componibile_07-300x200.jpg 300w, https:\/\/www.raimondi-cucine.it\/wp-content\/uploads\/cucina-moderna-componibile_07-768x512.jpg 768w\" data-sizes=\"(max-width: 300px) 100vw, 300px\" \/>\n\t\t<div class=\"figc no-description\">\n\t\t\t<div class=\"figc-inner\">\n\t\t\t\t\t\t\t\t\t\t\t\t\t\t\t<\/div>\n\t\t<\/div>\n\n\t<\/div>\n\n<\/div><div class=\"modula-item effect-pufrobo\" >\n\t<div class=\"modula-item-overlay\"><\/div>\n\n\t<div class=\"modula-item-content\">\n\n\t\t\t\t\n\t\t\t\t\t<a data-image-id=\"646\" rel=\"jtg-2910\" data-caption=\"\" aria-label=\"Open image in lightbox\" class=\"tile-inner modula-item-link\"><\/a>\n\t\t\n\t\t<img class=\"pic wp-image-646 lazyload\"  data-valign=\"middle\" data-halign=\"center\" alt=\"Vendita cucine componibili moderne\" data-full=\"https:\/\/www.raimondi-cucine.it\/wp-content\/uploads\/cucina-moderna-componibile_08.jpg\" title=\"Cucina moderna Velvet\" width=\"300\" height=\"200\" data-src=\"https:\/\/www.raimondi-cucine.it\/wp-content\/uploads\/cucina-moderna-componibile_08-300x200.jpg\" data-caption=\"\" data-source=\"modula\" data-srcset=\"https:\/\/www.raimondi-cucine.it\/wp-content\/uploads\/cucina-moderna-componibile_08.jpg 1024w, https:\/\/www.raimondi-cucine.it\/wp-content\/uploads\/cucina-moderna-componibile_08-300x200.jpg 300w, https:\/\/www.raimondi-cucine.it\/wp-content\/uploads\/cucina-moderna-componibile_08-768x512.jpg 768w\" data-sizes=\"(max-width: 300px) 100vw, 300px\" \/>\n\t\t<div class=\"figc no-description\">\n\t\t\t<div class=\"figc-inner\">\n\t\t\t\t\t\t\t\t\t\t\t\t\t\t\t<\/div>\n\t\t<\/div>\n\n\t<\/div>\n\n<\/div><div class=\"modula-item effect-pufrobo\" >\n\t<div class=\"modula-item-overlay\"><\/div>\n\n\t<div class=\"modula-item-content\">\n\n\t\t\t\t\n\t\t\t\t\t<a data-image-id=\"647\" rel=\"jtg-2910\" data-caption=\"\" aria-label=\"Open image in lightbox\" class=\"tile-inner modula-item-link\"><\/a>\n\t\t\n\t\t<img class=\"pic wp-image-647 lazyload\"  data-valign=\"middle\" data-halign=\"center\" alt=\"Vendita cucine componibili moderne\" data-full=\"https:\/\/www.raimondi-cucine.it\/wp-content\/uploads\/cucina-moderna-componibile_09.jpg\" title=\"Cucina moderna Velvet\" width=\"300\" height=\"200\" data-src=\"https:\/\/www.raimondi-cucine.it\/wp-content\/uploads\/cucina-moderna-componibile_09-300x200.jpg\" data-caption=\"\" data-source=\"modula\" data-srcset=\"https:\/\/www.raimondi-cucine.it\/wp-content\/uploads\/cucina-moderna-componibile_09.jpg 1024w, https:\/\/www.raimondi-cucine.it\/wp-content\/uploads\/cucina-moderna-componibile_09-300x200.jpg 300w, https:\/\/www.raimondi-cucine.it\/wp-content\/uploads\/cucina-moderna-componibile_09-768x512.jpg 768w\" data-sizes=\"(max-width: 300px) 100vw, 300px\" \/>\n\t\t<div class=\"figc no-description\">\n\t\t\t<div class=\"figc-inner\">\n\t\t\t\t\t\t\t\t\t\t\t\t\t\t\t<\/div>\n\t\t<\/div>\n\n\t<\/div>\n\n<\/div><div class=\"modula-item effect-pufrobo\" >\n\t<div class=\"modula-item-overlay\"><\/div>\n\n\t<div class=\"modula-item-content\">\n\n\t\t\t\t\n\t\t\t\t\t<a data-image-id=\"648\" rel=\"jtg-2910\" data-caption=\"\" aria-label=\"Open image in lightbox\" class=\"tile-inner modula-item-link\"><\/a>\n\t\t\n\t\t<img class=\"pic wp-image-648 lazyload\"  data-valign=\"middle\" data-halign=\"center\" alt=\"Vendita cucine componibili moderne\" data-full=\"https:\/\/www.raimondi-cucine.it\/wp-content\/uploads\/cucina-moderna-componibile_10.jpg\" title=\"Cucina moderna Velvet\" width=\"300\" height=\"200\" data-src=\"https:\/\/www.raimondi-cucine.it\/wp-content\/uploads\/cucina-moderna-componibile_10-300x200.jpg\" data-caption=\"\" data-source=\"modula\" data-srcset=\"https:\/\/www.raimondi-cucine.it\/wp-content\/uploads\/cucina-moderna-componibile_10.jpg 1024w, https:\/\/www.raimondi-cucine.it\/wp-content\/uploads\/cucina-moderna-componibile_10-300x200.jpg 300w, https:\/\/www.raimondi-cucine.it\/wp-content\/uploads\/cucina-moderna-componibile_10-768x512.jpg 768w\" data-sizes=\"(max-width: 300px) 100vw, 300px\" \/>\n\t\t<div class=\"figc no-description\">\n\t\t\t<div class=\"figc-inner\">\n\t\t\t\t\t\t\t\t\t\t\t\t\t\t\t<\/div>\n\t\t<\/div>\n\n\t<\/div>\n\n<\/div><div class=\"modula-item effect-pufrobo\" >\n\t<div class=\"modula-item-overlay\"><\/div>\n\n\t<div class=\"modula-item-content\">\n\n\t\t\t\t\n\t\t\t\t\t<a data-image-id=\"649\" rel=\"jtg-2910\" data-caption=\"\" aria-label=\"Open image in lightbox\" class=\"tile-inner modula-item-link\"><\/a>\n\t\t\n\t\t<img class=\"pic wp-image-649 lazyload\"  data-valign=\"middle\" data-halign=\"center\" alt=\"Vendita cucine componibili moderne\" data-full=\"https:\/\/www.raimondi-cucine.it\/wp-content\/uploads\/cucina-moderna-componibile_11.jpg\" title=\"Cucina moderna Velvet\" width=\"300\" height=\"200\" data-src=\"https:\/\/www.raimondi-cucine.it\/wp-content\/uploads\/cucina-moderna-componibile_11-300x200.jpg\" data-caption=\"\" data-source=\"modula\" data-srcset=\"https:\/\/www.raimondi-cucine.it\/wp-content\/uploads\/cucina-moderna-componibile_11.jpg 1024w, https:\/\/www.raimondi-cucine.it\/wp-content\/uploads\/cucina-moderna-componibile_11-300x200.jpg 300w, https:\/\/www.raimondi-cucine.it\/wp-content\/uploads\/cucina-moderna-componibile_11-768x512.jpg 768w\" data-sizes=\"(max-width: 300px) 100vw, 300px\" \/>\n\t\t<div class=\"figc no-description\">\n\t\t\t<div class=\"figc-inner\">\n\t\t\t\t\t\t\t\t\t\t\t\t\t\t\t<\/div>\n\t\t<\/div>\n\n\t<\/div>\n\n<\/div><div class=\"modula-item effect-pufrobo\" >\n\t<div class=\"modula-item-overlay\"><\/div>\n\n\t<div class=\"modula-item-content\">\n\n\t\t\t\t\n\t\t\t\t\t<a data-image-id=\"650\" rel=\"jtg-2910\" data-caption=\"\" aria-label=\"Open image in lightbox\" class=\"tile-inner modula-item-link\"><\/a>\n\t\t\n\t\t<img class=\"pic wp-image-650 lazyload\"  data-valign=\"middle\" data-halign=\"center\" alt=\"Vendita cucine componibili moderne\" data-full=\"https:\/\/www.raimondi-cucine.it\/wp-content\/uploads\/cucina-moderna-fiamma.jpg\" title=\"Cucina moderna Fiamma\" width=\"300\" height=\"200\" data-src=\"https:\/\/www.raimondi-cucine.it\/wp-content\/uploads\/cucina-moderna-fiamma-300x200.jpg\" data-caption=\"\" data-source=\"modula\" data-srcset=\"https:\/\/www.raimondi-cucine.it\/wp-content\/uploads\/cucina-moderna-fiamma.jpg 1024w, https:\/\/www.raimondi-cucine.it\/wp-content\/uploads\/cucina-moderna-fiamma-300x200.jpg 300w, https:\/\/www.raimondi-cucine.it\/wp-content\/uploads\/cucina-moderna-fiamma-768x512.jpg 768w\" data-sizes=\"(max-width: 300px) 100vw, 300px\" \/>\n\t\t<div class=\"figc no-description\">\n\t\t\t<div class=\"figc-inner\">\n\t\t\t\t\t\t\t\t\t\t\t\t\t\t\t<\/div>\n\t\t<\/div>\n\n\t<\/div>\n\n<\/div><div class=\"modula-item effect-pufrobo\" >\n\t<div class=\"modula-item-overlay\"><\/div>\n\n\t<div class=\"modula-item-content\">\n\n\t\t\t\t\n\t\t\t\t\t<a data-image-id=\"651\" rel=\"jtg-2910\" data-caption=\"\" aria-label=\"Open image in lightbox\" class=\"tile-inner modula-item-link\"><\/a>\n\t\t\n\t\t<img class=\"pic wp-image-651 lazyload\"  data-valign=\"middle\" data-halign=\"center\" alt=\"Vendita cucine componibili moderne\" data-full=\"https:\/\/www.raimondi-cucine.it\/wp-content\/uploads\/cucina-moderna-futura.jpg\" title=\"Cucina moderna Futura\" width=\"268\" height=\"300\" data-src=\"https:\/\/www.raimondi-cucine.it\/wp-content\/uploads\/cucina-moderna-futura-268x300.jpg\" data-caption=\"\" data-source=\"modula\" data-srcset=\"https:\/\/www.raimondi-cucine.it\/wp-content\/uploads\/cucina-moderna-futura.jpg 1024w, https:\/\/www.raimondi-cucine.it\/wp-content\/uploads\/cucina-moderna-futura-268x300.jpg 268w, https:\/\/www.raimondi-cucine.it\/wp-content\/uploads\/cucina-moderna-futura-768x860.jpg 768w, https:\/\/www.raimondi-cucine.it\/wp-content\/uploads\/cucina-moderna-futura-914x1024.jpg 914w\" data-sizes=\"(max-width: 268px) 100vw, 268px\" \/>\n\t\t<div class=\"figc no-description\">\n\t\t\t<div class=\"figc-inner\">\n\t\t\t\t\t\t\t\t\t\t\t\t\t\t\t<\/div>\n\t\t<\/div>\n\n\t<\/div>\n\n<\/div><div class=\"modula-item effect-pufrobo\" >\n\t<div class=\"modula-item-overlay\"><\/div>\n\n\t<div class=\"modula-item-content\">\n\n\t\t\t\t\n\t\t\t\t\t<a data-image-id=\"652\" rel=\"jtg-2910\" data-caption=\"\" aria-label=\"Open image in lightbox\" class=\"tile-inner modula-item-link\"><\/a>\n\t\t\n\t\t<img class=\"pic wp-image-652 lazyload\"  data-valign=\"middle\" data-halign=\"center\" alt=\"Vendita cucine componibili moderne\" data-full=\"https:\/\/www.raimondi-cucine.it\/wp-content\/uploads\/cucina-moderna-laccato_01.jpg\" title=\"Cucina moderna Laccato\" width=\"300\" height=\"200\" data-src=\"https:\/\/www.raimondi-cucine.it\/wp-content\/uploads\/cucina-moderna-laccato_01-300x200.jpg\" data-caption=\"\" data-source=\"modula\" data-srcset=\"https:\/\/www.raimondi-cucine.it\/wp-content\/uploads\/cucina-moderna-laccato_01.jpg 1024w, https:\/\/www.raimondi-cucine.it\/wp-content\/uploads\/cucina-moderna-laccato_01-300x200.jpg 300w, https:\/\/www.raimondi-cucine.it\/wp-content\/uploads\/cucina-moderna-laccato_01-768x512.jpg 768w\" data-sizes=\"(max-width: 300px) 100vw, 300px\" \/>\n\t\t<div class=\"figc no-description\">\n\t\t\t<div class=\"figc-inner\">\n\t\t\t\t\t\t\t\t\t\t\t\t\t\t\t<\/div>\n\t\t<\/div>\n\n\t<\/div>\n\n<\/div><div class=\"modula-item effect-pufrobo\" >\n\t<div class=\"modula-item-overlay\"><\/div>\n\n\t<div class=\"modula-item-content\">\n\n\t\t\t\t\n\t\t\t\t\t<a data-image-id=\"653\" rel=\"jtg-2910\" data-caption=\"\" aria-label=\"Open image in lightbox\" class=\"tile-inner modula-item-link\"><\/a>\n\t\t\n\t\t<img class=\"pic wp-image-653 lazyload\"  data-valign=\"middle\" data-halign=\"center\" alt=\"Vendita cucine componibili moderne\" data-full=\"https:\/\/www.raimondi-cucine.it\/wp-content\/uploads\/cucina-moderna-laccato_02.jpg\" title=\"Cucina moderna Laccato\" width=\"300\" height=\"200\" data-src=\"https:\/\/www.raimondi-cucine.it\/wp-content\/uploads\/cucina-moderna-laccato_02-300x200.jpg\" data-caption=\"\" data-source=\"modula\" data-srcset=\"https:\/\/www.raimondi-cucine.it\/wp-content\/uploads\/cucina-moderna-laccato_02.jpg 1024w, https:\/\/www.raimondi-cucine.it\/wp-content\/uploads\/cucina-moderna-laccato_02-300x200.jpg 300w, https:\/\/www.raimondi-cucine.it\/wp-content\/uploads\/cucina-moderna-laccato_02-768x512.jpg 768w\" data-sizes=\"(max-width: 300px) 100vw, 300px\" \/>\n\t\t<div class=\"figc no-description\">\n\t\t\t<div class=\"figc-inner\">\n\t\t\t\t\t\t\t\t\t\t\t\t\t\t\t<\/div>\n\t\t<\/div>\n\n\t<\/div>\n\n<\/div><div class=\"modula-item effect-pufrobo\" >\n\t<div class=\"modula-item-overlay\"><\/div>\n\n\t<div class=\"modula-item-content\">\n\n\t\t\t\t\n\t\t\t\t\t<a data-image-id=\"654\" rel=\"jtg-2910\" data-caption=\"\" aria-label=\"Open image in lightbox\" class=\"tile-inner modula-item-link\"><\/a>\n\t\t\n\t\t<img class=\"pic wp-image-654 lazyload\"  data-valign=\"middle\" data-halign=\"center\" alt=\"Vendita cucine componibili moderne\" data-full=\"https:\/\/www.raimondi-cucine.it\/wp-content\/uploads\/cucina-moderna-luna.jpg\" title=\"Cucina moderna Luna\" width=\"300\" height=\"195\" data-src=\"https:\/\/www.raimondi-cucine.it\/wp-content\/uploads\/cucina-moderna-luna-300x195.jpg\" data-caption=\"\" data-source=\"modula\" data-srcset=\"https:\/\/www.raimondi-cucine.it\/wp-content\/uploads\/cucina-moderna-luna.jpg 1024w, https:\/\/www.raimondi-cucine.it\/wp-content\/uploads\/cucina-moderna-luna-300x195.jpg 300w, https:\/\/www.raimondi-cucine.it\/wp-content\/uploads\/cucina-moderna-luna-768x500.jpg 768w\" data-sizes=\"(max-width: 300px) 100vw, 300px\" \/>\n\t\t<div class=\"figc no-description\">\n\t\t\t<div class=\"figc-inner\">\n\t\t\t\t\t\t\t\t\t\t\t\t\t\t\t<\/div>\n\t\t<\/div>\n\n\t<\/div>\n\n<\/div><div class=\"modula-item effect-pufrobo\" >\n\t<div class=\"modula-item-overlay\"><\/div>\n\n\t<div class=\"modula-item-content\">\n\n\t\t\t\t\n\t\t\t\t\t<a data-image-id=\"2209\" rel=\"jtg-2910\" data-caption=\"Cucina componibile raffinata e funzionale disponibile in differenti colori.\" aria-label=\"Open image in lightbox\" class=\"tile-inner modula-item-link\"><\/a>\n\t\t\n\t\t<img class=\"pic wp-image-2209 lazyload\"  data-valign=\"middle\" data-halign=\"center\" alt=\"Cucina componibile raffinata e funzionale disponibile in differenti colori.\" data-full=\"https:\/\/www.raimondi-cucine.it\/wp-content\/uploads\/cucina-moderna-portofino-1.jpg\" title=\"cucina-moderna-portofino\" width=\"450\" height=\"286\" data-src=\"https:\/\/www.raimondi-cucine.it\/wp-content\/uploads\/cucina-moderna-portofino-1-450x286.jpg\" data-caption=\"Cucina componibile raffinata e funzionale disponibile in differenti colori.\" data-source=\"modula\" data-srcset=\"https:\/\/www.raimondi-cucine.it\/wp-content\/uploads\/cucina-moderna-portofino-1.jpg 1024w, https:\/\/www.raimondi-cucine.it\/wp-content\/uploads\/cucina-moderna-portofino-1-450x286.jpg 450w, https:\/\/www.raimondi-cucine.it\/wp-content\/uploads\/cucina-moderna-portofino-1-768x488.jpg 768w\" data-sizes=\"(max-width: 450px) 100vw, 450px\" \/>\n\t\t<div class=\"figc\">\n\t\t\t<div class=\"figc-inner\">\n\t\t\t\t\t\t\t\t\t\t\t\t\t<p class=\"description\">Cucina componibile raffinata e funzionale disponibile in differenti colori.<\/p>\n\t\t\t\t\t\t\t\t\t\t\t<\/div>\n\t\t<\/div>\n\n\t<\/div>\n\n<\/div><div class=\"modula-item effect-pufrobo\" >\n\t<div class=\"modula-item-overlay\"><\/div>\n\n\t<div class=\"modula-item-content\">\n\n\t\t\t\t\n\t\t\t\t\t<a data-image-id=\"658\" rel=\"jtg-2910\" data-caption=\"\" aria-label=\"Open image in lightbox\" class=\"tile-inner modula-item-link\"><\/a>\n\t\t\n\t\t<img class=\"pic wp-image-658 lazyload\"  data-valign=\"middle\" data-halign=\"center\" alt=\"Vendita cucine componibili moderne\" data-full=\"https:\/\/www.raimondi-cucine.it\/wp-content\/uploads\/cucina-moderna-rossella.jpg\" title=\"Cucina moderna Rossella\" width=\"300\" height=\"175\" data-src=\"https:\/\/www.raimondi-cucine.it\/wp-content\/uploads\/cucina-moderna-rossella-300x175.jpg\" data-caption=\"\" data-source=\"modula\" data-srcset=\"https:\/\/www.raimondi-cucine.it\/wp-content\/uploads\/cucina-moderna-rossella.jpg 1024w, https:\/\/www.raimondi-cucine.it\/wp-content\/uploads\/cucina-moderna-rossella-300x175.jpg 300w, https:\/\/www.raimondi-cucine.it\/wp-content\/uploads\/cucina-moderna-rossella-768x449.jpg 768w\" data-sizes=\"(max-width: 300px) 100vw, 300px\" \/>\n\t\t<div class=\"figc no-description\">\n\t\t\t<div class=\"figc-inner\">\n\t\t\t\t\t\t\t\t\t\t\t\t\t\t\t<\/div>\n\t\t<\/div>\n\n\t<\/div>\n\n<\/div><div class=\"modula-item effect-pufrobo\" >\n\t<div class=\"modula-item-overlay\"><\/div>\n\n\t<div class=\"modula-item-content\">\n\n\t\t\t\t\n\t\t\t\t\t<a data-image-id=\"1726\" rel=\"jtg-2910\" data-caption=\"\" aria-label=\"Open image in lightbox\" class=\"tile-inner modula-item-link\"><\/a>\n\t\t\n\t\t<img class=\"pic wp-image-1726 lazyload\"  data-valign=\"middle\" data-halign=\"center\" alt=\"La cucina moderna Senso non si distingue solo per originalit\u00e0 dei colori (nello specifico rosso, wengh\u00e8 e beije) e per qualit\u00e0 dei materiali impiegati per la sua realizzazione... \u00e8 anche molto funzionale e dotata di spaziosi mobili e di grandi mensole.\" data-full=\"https:\/\/www.raimondi-cucine.it\/wp-content\/uploads\/mensole_credenza_cucina_moderna.jpg\" title=\"La cucina moderna Senso non si distingue solo per originalit\u00e0 dei colori (nello specifico rosso, wengh\u00e8 e beije) e per qualit\u00e0 dei materiali impiegati per la sua realizzazione... \u00e8 anche molto funzionale e dotata di spaziosi mobili e di grandi mensole.\" width=\"300\" height=\"199\" data-src=\"https:\/\/www.raimondi-cucine.it\/wp-content\/uploads\/mensole_credenza_cucina_moderna-300x199.jpg\" data-caption=\"\" data-source=\"modula\" data-srcset=\"https:\/\/www.raimondi-cucine.it\/wp-content\/uploads\/mensole_credenza_cucina_moderna.jpg 1900w, https:\/\/www.raimondi-cucine.it\/wp-content\/uploads\/mensole_credenza_cucina_moderna-300x199.jpg 300w, https:\/\/www.raimondi-cucine.it\/wp-content\/uploads\/mensole_credenza_cucina_moderna-768x510.jpg 768w, https:\/\/www.raimondi-cucine.it\/wp-content\/uploads\/mensole_credenza_cucina_moderna-1024x680.jpg 1024w, https:\/\/www.raimondi-cucine.it\/wp-content\/uploads\/mensole_credenza_cucina_moderna-1080x717.jpg 1080w\" data-sizes=\"(max-width: 300px) 100vw, 300px\" \/>\n\t\t<div class=\"figc no-description\">\n\t\t\t<div class=\"figc-inner\">\n\t\t\t\t\t\t\t\t\t\t\t\t\t\t\t<\/div>\n\t\t<\/div>\n\n\t<\/div>\n\n<\/div><div class=\"modula-item effect-pufrobo\" >\n\t<div class=\"modula-item-overlay\"><\/div>\n\n\t<div class=\"modula-item-content\">\n\n\t\t\t\t\n\t\t\t\t\t<a data-image-id=\"661\" rel=\"jtg-2910\" data-caption=\"\" aria-label=\"Open image in lightbox\" class=\"tile-inner modula-item-link\"><\/a>\n\t\t\n\t\t<img class=\"pic wp-image-661 lazyload\"  data-valign=\"middle\" data-halign=\"center\" alt=\"Mobile cucina con faretti led, una caratteristica elegante e moderna della cucina Senso\" data-full=\"https:\/\/www.raimondi-cucine.it\/wp-content\/uploads\/cucina-moderna-senso_03.jpg\" title=\"Senso, cucina moderna con penisola composta da piano cottura a cinque fuochi e tavolo da snack\" width=\"300\" height=\"185\" data-src=\"https:\/\/www.raimondi-cucine.it\/wp-content\/uploads\/cucina-moderna-senso_03-300x185.jpg\" data-caption=\"\" data-source=\"modula\" data-srcset=\"https:\/\/www.raimondi-cucine.it\/wp-content\/uploads\/cucina-moderna-senso_03.jpg 1024w, https:\/\/www.raimondi-cucine.it\/wp-content\/uploads\/cucina-moderna-senso_03-300x185.jpg 300w, https:\/\/www.raimondi-cucine.it\/wp-content\/uploads\/cucina-moderna-senso_03-768x473.jpg 768w\" data-sizes=\"(max-width: 300px) 100vw, 300px\" \/>\n\t\t<div class=\"figc no-description\">\n\t\t\t<div class=\"figc-inner\">\n\t\t\t\t\t\t\t\t\t\t\t\t\t\t\t<\/div>\n\t\t<\/div>\n\n\t<\/div>\n\n<\/div><div class=\"modula-item effect-pufrobo\" >\n\t<div class=\"modula-item-overlay\"><\/div>\n\n\t<div class=\"modula-item-content\">\n\n\t\t\t\t\n\t\t\t\t\t<a data-image-id=\"662\" rel=\"jtg-2910\" data-caption=\"\" aria-label=\"Open image in lightbox\" class=\"tile-inner modula-item-link\"><\/a>\n\t\t\n\t\t<img class=\"pic wp-image-662 lazyload\"  data-valign=\"middle\" data-halign=\"center\" alt=\"Acquista la cucina componibile moderna Senso, disponibile nel colore grigio lucido, bianco e blu\" data-full=\"https:\/\/www.raimondi-cucine.it\/wp-content\/uploads\/cucina-moderna-senso_04.jpg\" title=\"Senso, una cucina componibile in stile moderno, composta da grandi cassettoni scorrevoli, mensole e spaziosi piani di lavoro\" width=\"300\" height=\"185\" data-src=\"https:\/\/www.raimondi-cucine.it\/wp-content\/uploads\/cucina-moderna-senso_04-300x185.jpg\" data-caption=\"\" data-source=\"modula\" data-srcset=\"https:\/\/www.raimondi-cucine.it\/wp-content\/uploads\/cucina-moderna-senso_04.jpg 1024w, https:\/\/www.raimondi-cucine.it\/wp-content\/uploads\/cucina-moderna-senso_04-300x185.jpg 300w, https:\/\/www.raimondi-cucine.it\/wp-content\/uploads\/cucina-moderna-senso_04-768x473.jpg 768w\" data-sizes=\"(max-width: 300px) 100vw, 300px\" \/>\n\t\t<div class=\"figc no-description\">\n\t\t\t<div class=\"figc-inner\">\n\t\t\t\t\t\t\t\t\t\t\t\t\t\t\t<\/div>\n\t\t<\/div>\n\n\t<\/div>\n\n<\/div><div class=\"modula-item effect-pufrobo\" >\n\t<div class=\"modula-item-overlay\"><\/div>\n\n\t<div class=\"modula-item-content\">\n\n\t\t\t\t\n\t\t\t\t\t<a data-image-id=\"663\" rel=\"jtg-2910\" data-caption=\"\" aria-label=\"Open image in lightbox\" class=\"tile-inner modula-item-link\"><\/a>\n\t\t\n\t\t<img class=\"pic wp-image-663 lazyload\"  data-valign=\"middle\" data-halign=\"center\" alt=\"Cucina componibile moderna Senso, disponibile nel colore grigio lucido, bianco e viola\" data-full=\"https:\/\/www.raimondi-cucine.it\/wp-content\/uploads\/cucina-moderna-senso_05.jpg\" title=\"Cucina Senso, dallo stile moderno e tecnologico, dotata di elettrodomestici funzionali ed all&#039;avanguardia\" width=\"300\" height=\"185\" data-src=\"https:\/\/www.raimondi-cucine.it\/wp-content\/uploads\/cucina-moderna-senso_05-300x185.jpg\" data-caption=\"\" data-source=\"modula\" data-srcset=\"https:\/\/www.raimondi-cucine.it\/wp-content\/uploads\/cucina-moderna-senso_05.jpg 1024w, https:\/\/www.raimondi-cucine.it\/wp-content\/uploads\/cucina-moderna-senso_05-300x185.jpg 300w, https:\/\/www.raimondi-cucine.it\/wp-content\/uploads\/cucina-moderna-senso_05-768x473.jpg 768w\" data-sizes=\"(max-width: 300px) 100vw, 300px\" \/>\n\t\t<div class=\"figc no-description\">\n\t\t\t<div class=\"figc-inner\">\n\t\t\t\t\t\t\t\t\t\t\t\t\t\t\t<\/div>\n\t\t<\/div>\n\n\t<\/div>\n\n<\/div><div class=\"modula-item effect-pufrobo\" >\n\t<div class=\"modula-item-overlay\"><\/div>\n\n\t<div class=\"modula-item-content\">\n\n\t\t\t\t\n\t\t\t\t\t<a data-image-id=\"664\" rel=\"jtg-2910\" data-caption=\"\" aria-label=\"Open image in lightbox\" class=\"tile-inner modula-item-link\"><\/a>\n\t\t\n\t\t<img class=\"pic wp-image-664 lazyload\"  data-valign=\"middle\" data-halign=\"center\" alt=\"Vendita cucine componibili moderne\" data-full=\"https:\/\/www.raimondi-cucine.it\/wp-content\/uploads\/cucina-moderna-time.jpg\" title=\"Cucina moderna Time\" width=\"300\" height=\"237\" data-src=\"https:\/\/www.raimondi-cucine.it\/wp-content\/uploads\/cucina-moderna-time-300x237.jpg\" data-caption=\"\" data-source=\"modula\" data-srcset=\"https:\/\/www.raimondi-cucine.it\/wp-content\/uploads\/cucina-moderna-time.jpg 1024w, https:\/\/www.raimondi-cucine.it\/wp-content\/uploads\/cucina-moderna-time-300x237.jpg 300w, https:\/\/www.raimondi-cucine.it\/wp-content\/uploads\/cucina-moderna-time-768x608.jpg 768w\" data-sizes=\"(max-width: 300px) 100vw, 300px\" \/>\n\t\t<div class=\"figc no-description\">\n\t\t\t<div class=\"figc-inner\">\n\t\t\t\t\t\t\t\t\t\t\t\t\t\t\t<\/div>\n\t\t<\/div>\n\n\t<\/div>\n\n<\/div><div class=\"modula-item effect-pufrobo\" >\n\t<div class=\"modula-item-overlay\"><\/div>\n\n\t<div class=\"modula-item-content\">\n\n\t\t\t\t\n\t\t\t\t\t<a data-image-id=\"665\" rel=\"jtg-2910\" data-caption=\"\" aria-label=\"Open image in lightbox\" class=\"tile-inner modula-item-link\"><\/a>\n\t\t\n\t\t<img class=\"pic wp-image-665 lazyload\"  data-valign=\"middle\" data-halign=\"center\" alt=\"Vendita cucine componibili moderne\" data-full=\"https:\/\/www.raimondi-cucine.it\/wp-content\/uploads\/cucina-moderna-valentina_01.jpg\" title=\"Cucina moderna Valentina\" width=\"300\" height=\"208\" data-src=\"https:\/\/www.raimondi-cucine.it\/wp-content\/uploads\/cucina-moderna-valentina_01-300x208.jpg\" data-caption=\"\" data-source=\"modula\" data-srcset=\"https:\/\/www.raimondi-cucine.it\/wp-content\/uploads\/cucina-moderna-valentina_01.jpg 1024w, https:\/\/www.raimondi-cucine.it\/wp-content\/uploads\/cucina-moderna-valentina_01-300x208.jpg 300w, https:\/\/www.raimondi-cucine.it\/wp-content\/uploads\/cucina-moderna-valentina_01-768x532.jpg 768w\" data-sizes=\"(max-width: 300px) 100vw, 300px\" \/>\n\t\t<div class=\"figc no-description\">\n\t\t\t<div class=\"figc-inner\">\n\t\t\t\t\t\t\t\t\t\t\t\t\t\t\t<\/div>\n\t\t<\/div>\n\n\t<\/div>\n\n<\/div><div class=\"modula-item effect-pufrobo\" >\n\t<div class=\"modula-item-overlay\"><\/div>\n\n\t<div class=\"modula-item-content\">\n\n\t\t\t\t\n\t\t\t\t\t<a data-image-id=\"666\" rel=\"jtg-2910\" data-caption=\"\" aria-label=\"Open image in lightbox\" class=\"tile-inner modula-item-link\"><\/a>\n\t\t\n\t\t<img class=\"pic wp-image-666 lazyload\"  data-valign=\"middle\" data-halign=\"center\" alt=\"Vendita cucine componibili moderne\" data-full=\"https:\/\/www.raimondi-cucine.it\/wp-content\/uploads\/cucina-moderna-valentina_02.jpg\" title=\"Cucina moderna Valentina\" width=\"300\" height=\"201\" data-src=\"https:\/\/www.raimondi-cucine.it\/wp-content\/uploads\/cucina-moderna-valentina_02-300x201.jpg\" data-caption=\"\" data-source=\"modula\" data-srcset=\"https:\/\/www.raimondi-cucine.it\/wp-content\/uploads\/cucina-moderna-valentina_02.jpg 1024w, https:\/\/www.raimondi-cucine.it\/wp-content\/uploads\/cucina-moderna-valentina_02-300x201.jpg 300w, https:\/\/www.raimondi-cucine.it\/wp-content\/uploads\/cucina-moderna-valentina_02-768x515.jpg 768w\" data-sizes=\"(max-width: 300px) 100vw, 300px\" \/>\n\t\t<div class=\"figc no-description\">\n\t\t\t<div class=\"figc-inner\">\n\t\t\t\t\t\t\t\t\t\t\t\t\t\t\t<\/div>\n\t\t<\/div>\n\n\t<\/div>\n\n<\/div><div class=\"modula-item effect-pufrobo\" >\n\t<div class=\"modula-item-overlay\"><\/div>\n\n\t<div class=\"modula-item-content\">\n\n\t\t\t\t\n\t\t\t\t\t<a data-image-id=\"667\" rel=\"jtg-2910\" data-caption=\"\" aria-label=\"Open image in lightbox\" class=\"tile-inner modula-item-link\"><\/a>\n\t\t\n\t\t<img class=\"pic wp-image-667 lazyload\"  data-valign=\"middle\" data-halign=\"center\" alt=\"Vendita cucine componibili moderne\" data-full=\"https:\/\/www.raimondi-cucine.it\/wp-content\/uploads\/vendita-cucina-moderna.jpg\" title=\"Cucina componibili moderna\" width=\"300\" height=\"199\" data-src=\"https:\/\/www.raimondi-cucine.it\/wp-content\/uploads\/vendita-cucina-moderna-300x199.jpg\" data-caption=\"\" data-source=\"modula\" data-srcset=\"https:\/\/www.raimondi-cucine.it\/wp-content\/uploads\/vendita-cucina-moderna.jpg 1024w, https:\/\/www.raimondi-cucine.it\/wp-content\/uploads\/vendita-cucina-moderna-300x199.jpg 300w, https:\/\/www.raimondi-cucine.it\/wp-content\/uploads\/vendita-cucina-moderna-768x510.jpg 768w\" data-sizes=\"(max-width: 300px) 100vw, 300px\" \/>\n\t\t<div class=\"figc no-description\">\n\t\t\t<div class=\"figc-inner\">\n\t\t\t\t\t\t\t\t\t\t\t\t\t\t\t<\/div>\n\t\t<\/div>\n\n\t<\/div>\n\n<\/div>\t\t\n\t<\/div>\n\n\t\n\t\n\t<script type=\"application\/ld+json\">\n\t{\n\t\t\"@context\": \"http:\/\/schema.org\",\n\t\t\"@type\"   : \"ImageGallery\",\n\t\t\"id\"      : \"https:\/\/www.raimondi-cucine.it\/it\/wp-json\/wp\/v2\/pages\/668\/\",\n\t\t\"url\"     : \"https:\/\/www.raimondi-cucine.it\/it\/wp-json\/wp\/v2\/pages\/668\/\"\n\t}\n\n    <\/script>\n\n\t\n<\/div>\n","protected":false},"excerpt":{"rendered":"<div style='clear:both'><\/div><div style=\"float:right\" class='the_champ_sharing_container the_champ_horizontal_sharing' data-super-socializer-href=\"https:\/\/www.raimondi-cucine.it\/it\/fotografie-cucine-componibili\/vendita-cucine-moderne\/\"><div class='the_champ_sharing_title' style=\"font-weight:bold\" ><\/div><div class=\"the_champ_sharing_ul\"><a aria-label=\"Facebook\" class=\"the_champ_facebook\" href=\"https:\/\/www.facebook.com\/sharer\/sharer.php?u=https%3A%2F%2Fwww.raimondi-cucine.it%2Fit%2Ffotografie-cucine-componibili%2Fvendita-cucine-moderne%2F\" title=\"Facebook\" rel=\"nofollow noopener\" target=\"_blank\" style=\"font-size:24px!important;box-shadow:none;display:inline-block;vertical-align:middle\"><span class=\"the_champ_svg\" style=\"background-color:#3c589a;width:35px;height:35px;border-radius:999px;display:inline-block;opacity:1;float:left;font-size:24px;box-shadow:none;display:inline-block;font-size:16px;padding:0 4px;vertical-align:middle;background-repeat:repeat;overflow:hidden;padding:0;cursor:pointer;box-sizing:content-box\"><svg style=\"display:block;border-radius:999px;\" focusable=\"false\" aria-hidden=\"true\" xmlns=\"http:\/\/www.w3.org\/2000\/svg\" width=\"100%\" height=\"100%\" viewBox=\"-5 -5 42 42\"><path d=\"M17.78 27.5V17.008h3.522l.527-4.09h-4.05v-2.61c0-1.182.33-1.99 2.023-1.99h2.166V4.66c-.375-.05-1.66-.16-3.155-.16-3.123 0-5.26 1.905-5.26 5.405v3.016h-3.53v4.09h3.53V27.5h4.223z\" fill=\"#fff\"><\/path><\/svg><\/span><\/a><a aria-label=\"Print\" class=\"the_champ_button_print\" href=\"https:\/\/www.raimondi-cucine.it\/it\/fotografie-cucine-componibili\/vendita-cucine-moderne\/\" onclick=\"event.preventDefault();window.print()\" title=\"Print\" rel=\"nofollow noopener\" style=\"font-size:24px!important;box-shadow:none;display:inline-block;vertical-align:middle\"><span class=\"the_champ_svg the_champ_s__default the_champ_s_print\" style=\"background-color:#fd6500;width:35px;height:35px;border-radius:999px;display:inline-block;opacity:1;float:left;font-size:24px;box-shadow:none;display:inline-block;font-size:16px;padding:0 4px;vertical-align:middle;background-repeat:repeat;overflow:hidden;padding:0;cursor:pointer;box-sizing:content-box\"><svg style=\"display:block;border-radius:999px;\" focusable=\"false\" aria-hidden=\"true\" xmlns=\"http:\/\/www.w3.org\/2000\/svg\" width=\"100%\" height=\"100%\" viewBox=\"-2.8 -4.5 35 35\"><path stroke=\"#fff\" class=\"the_champ_svg_stroke\" d=\"M 7 10 h 2 v 3 h 12 v -3 h 2 v 7 h -2 v -3 h -12 v 3 h -2 z\" stroke-width=\"1\" fill=\"#fff\"><\/path><rect class=\"the_champ_no_fill the_champ_svg_stroke\" stroke=\"#fff\" stroke-width=\"1.8\" height=\"7\" width=\"10\" x=\"10\" y=\"5\" fill=\"none\"><\/rect><rect class=\"the_champ_svg_stroke\" stroke=\"#fff\" stroke-width=\"1\" height=\"5\" width=\"8\" x=\"11\" y=\"16\" fill=\"#fff\"><\/rect><\/svg><\/span><\/a><\/div><\/div><div style='clear:both'><\/div>","protected":false},"author":2,"featured_media":0,"parent":584,"menu_order":0,"comment_status":"closed","ping_status":"closed","template":"","meta":{"_et_pb_use_builder":"","_et_pb_old_content":"","_et_gb_content_width":"","footnotes":""},"yoast_head":"<!-- This site is optimized with the Yoast SEO plugin v22.7 - https:\/\/yoast.com\/wordpress\/plugins\/seo\/ -->\n<title>Cucine moderne - Rivenditori cucine Sicilia<\/title>\n<meta name=\"description\" content=\"Vendita cucine moderne. Realizzazioni su misura e produzione cucine moderne. Arredamento classico mobili componibili cucina e mobili bar.\" \/>\n<meta name=\"robots\" content=\"index, follow, max-snippet:-1, max-image-preview:large, max-video-preview:-1\" \/>\n<link rel=\"canonical\" href=\"https:\/\/www.raimondi-cucine.it\/it\/fotografie-cucine-componibili\/vendita-cucine-moderne\/\" \/>\n<meta property=\"og:locale\" content=\"it_IT\" \/>\n<meta property=\"og:type\" content=\"article\" \/>\n<meta property=\"og:title\" content=\"Cucine moderne - Rivenditori cucine Sicilia\" \/>\n<meta property=\"og:description\" content=\"Vendita cucine moderne. Realizzazioni su misura e produzione cucine moderne. Arredamento classico mobili componibili cucina e mobili bar.\" \/>\n<meta property=\"og:url\" content=\"https:\/\/www.raimondi-cucine.it\/it\/fotografie-cucine-componibili\/vendita-cucine-moderne\/\" \/>\n<meta property=\"og:site_name\" content=\"Rivenditori cucine Sicilia\" \/>\n<meta property=\"article:publisher\" content=\"https:\/\/www.facebook.com\/raimondicucine\/\" \/>\n<meta property=\"article:modified_time\" content=\"2024-01-23T16:36:41+00:00\" \/>\n<meta property=\"og:image\" content=\"https:\/\/www.raimondi-cucine.it\/wp-content\/uploads\/cucine_moderne_Sicilia.jpg\" \/>\n<meta name=\"twitter:card\" content=\"summary_large_image\" \/>\n<meta name=\"twitter:label1\" content=\"Tempo di lettura stimato\" \/>\n\t<meta name=\"twitter:data1\" content=\"1 minuto\" \/>\n<script type=\"application\/ld+json\" class=\"yoast-schema-graph\">{\"@context\":\"https:\/\/schema.org\",\"@graph\":[{\"@type\":\"WebPage\",\"@id\":\"https:\/\/www.raimondi-cucine.it\/it\/fotografie-cucine-componibili\/vendita-cucine-moderne\/\",\"url\":\"https:\/\/www.raimondi-cucine.it\/it\/fotografie-cucine-componibili\/vendita-cucine-moderne\/\",\"name\":\"Cucine moderne - Rivenditori cucine Sicilia\",\"isPartOf\":{\"@id\":\"https:\/\/www.raimondi-cucine.it\/it\/#website\"},\"primaryImageOfPage\":{\"@id\":\"https:\/\/www.raimondi-cucine.it\/it\/fotografie-cucine-componibili\/vendita-cucine-moderne\/#primaryimage\"},\"image\":{\"@id\":\"https:\/\/www.raimondi-cucine.it\/it\/fotografie-cucine-componibili\/vendita-cucine-moderne\/#primaryimage\"},\"thumbnailUrl\":\"https:\/\/www.raimondi-cucine.it\/wp-content\/uploads\/cucine_moderne_Sicilia.jpg\",\"datePublished\":\"2017-05-25T08:59:43+00:00\",\"dateModified\":\"2024-01-23T16:36:41+00:00\",\"description\":\"Vendita cucine moderne. Realizzazioni su misura e produzione cucine moderne. Arredamento classico mobili componibili cucina e mobili bar.\",\"breadcrumb\":{\"@id\":\"https:\/\/www.raimondi-cucine.it\/it\/fotografie-cucine-componibili\/vendita-cucine-moderne\/#breadcrumb\"},\"inLanguage\":\"it-IT\",\"potentialAction\":[{\"@type\":\"ReadAction\",\"target\":[\"https:\/\/www.raimondi-cucine.it\/it\/fotografie-cucine-componibili\/vendita-cucine-moderne\/\"]}]},{\"@type\":\"ImageObject\",\"inLanguage\":\"it-IT\",\"@id\":\"https:\/\/www.raimondi-cucine.it\/it\/fotografie-cucine-componibili\/vendita-cucine-moderne\/#primaryimage\",\"url\":\"https:\/\/www.raimondi-cucine.it\/wp-content\/uploads\/cucine_moderne_Sicilia.jpg\",\"contentUrl\":\"https:\/\/www.raimondi-cucine.it\/wp-content\/uploads\/cucine_moderne_Sicilia.jpg\"},{\"@type\":\"BreadcrumbList\",\"@id\":\"https:\/\/www.raimondi-cucine.it\/it\/fotografie-cucine-componibili\/vendita-cucine-moderne\/#breadcrumb\",\"itemListElement\":[{\"@type\":\"ListItem\",\"position\":1,\"name\":\"Home\",\"item\":\"https:\/\/www.raimondi-cucine.it\/it\/\"},{\"@type\":\"ListItem\",\"position\":2,\"name\":\"Cucine componibili &#8211; Galleria fotografica\",\"item\":\"https:\/\/www.raimondi-cucine.it\/fotografie-cucine-componibili\/\"},{\"@type\":\"ListItem\",\"position\":3,\"name\":\"Cucine moderne\"}]},{\"@type\":\"WebSite\",\"@id\":\"https:\/\/www.raimondi-cucine.it\/it\/#website\",\"url\":\"https:\/\/www.raimondi-cucine.it\/it\/\",\"name\":\"Rivenditori cucine Sicilia\",\"description\":\"Il design che d\u00e0 spazio ai tuoi desideri\",\"publisher\":{\"@id\":\"https:\/\/www.raimondi-cucine.it\/it\/#organization\"},\"potentialAction\":[{\"@type\":\"SearchAction\",\"target\":{\"@type\":\"EntryPoint\",\"urlTemplate\":\"https:\/\/www.raimondi-cucine.it\/it\/?s={search_term_string}\"},\"query-input\":\"required name=search_term_string\"}],\"inLanguage\":\"it-IT\"},{\"@type\":\"Organization\",\"@id\":\"https:\/\/www.raimondi-cucine.it\/it\/#organization\",\"name\":\"Raimondi Cucine\",\"url\":\"https:\/\/www.raimondi-cucine.it\/it\/\",\"logo\":{\"@type\":\"ImageObject\",\"inLanguage\":\"it-IT\",\"@id\":\"https:\/\/www.raimondi-cucine.it\/it\/#\/schema\/logo\/image\/\",\"url\":\"https:\/\/www.raimondi-cucine.it\/wp-content\/uploads\/banner_email.png\",\"contentUrl\":\"https:\/\/www.raimondi-cucine.it\/wp-content\/uploads\/banner_email.png\",\"width\":560,\"height\":100,\"caption\":\"Raimondi Cucine\"},\"image\":{\"@id\":\"https:\/\/www.raimondi-cucine.it\/it\/#\/schema\/logo\/image\/\"},\"sameAs\":[\"https:\/\/www.facebook.com\/raimondicucine\/\",\"https:\/\/www.youtube.com\/channel\/UCJpe1gYYTxKn6GmhBXdMLoA\"]}]}<\/script>\n<!-- \/ Yoast SEO plugin. -->","yoast_head_json":{"title":"Cucine moderne - Rivenditori cucine Sicilia","description":"Vendita cucine moderne. Realizzazioni su misura e produzione cucine moderne. Arredamento classico mobili componibili cucina e mobili bar.","robots":{"index":"index","follow":"follow","max-snippet":"max-snippet:-1","max-image-preview":"max-image-preview:large","max-video-preview":"max-video-preview:-1"},"canonical":"https:\/\/www.raimondi-cucine.it\/it\/fotografie-cucine-componibili\/vendita-cucine-moderne\/","og_locale":"it_IT","og_type":"article","og_title":"Cucine moderne - Rivenditori cucine Sicilia","og_description":"Vendita cucine moderne. Realizzazioni su misura e produzione cucine moderne. Arredamento classico mobili componibili cucina e mobili bar.","og_url":"https:\/\/www.raimondi-cucine.it\/it\/fotografie-cucine-componibili\/vendita-cucine-moderne\/","og_site_name":"Rivenditori cucine Sicilia","article_publisher":"https:\/\/www.facebook.com\/raimondicucine\/","article_modified_time":"2024-01-23T16:36:41+00:00","og_image":[{"url":"https:\/\/www.raimondi-cucine.it\/wp-content\/uploads\/cucine_moderne_Sicilia.jpg"}],"twitter_card":"summary_large_image","twitter_misc":{"Tempo di lettura stimato":"1 minuto"},"schema":{"@context":"https:\/\/schema.org","@graph":[{"@type":"WebPage","@id":"https:\/\/www.raimondi-cucine.it\/it\/fotografie-cucine-componibili\/vendita-cucine-moderne\/","url":"https:\/\/www.raimondi-cucine.it\/it\/fotografie-cucine-componibili\/vendita-cucine-moderne\/","name":"Cucine moderne - Rivenditori cucine Sicilia","isPartOf":{"@id":"https:\/\/www.raimondi-cucine.it\/it\/#website"},"primaryImageOfPage":{"@id":"https:\/\/www.raimondi-cucine.it\/it\/fotografie-cucine-componibili\/vendita-cucine-moderne\/#primaryimage"},"image":{"@id":"https:\/\/www.raimondi-cucine.it\/it\/fotografie-cucine-componibili\/vendita-cucine-moderne\/#primaryimage"},"thumbnailUrl":"https:\/\/www.raimondi-cucine.it\/wp-content\/uploads\/cucine_moderne_Sicilia.jpg","datePublished":"2017-05-25T08:59:43+00:00","dateModified":"2024-01-23T16:36:41+00:00","description":"Vendita cucine moderne. Realizzazioni su misura e produzione cucine moderne. Arredamento classico mobili componibili cucina e mobili bar.","breadcrumb":{"@id":"https:\/\/www.raimondi-cucine.it\/it\/fotografie-cucine-componibili\/vendita-cucine-moderne\/#breadcrumb"},"inLanguage":"it-IT","potentialAction":[{"@type":"ReadAction","target":["https:\/\/www.raimondi-cucine.it\/it\/fotografie-cucine-componibili\/vendita-cucine-moderne\/"]}]},{"@type":"ImageObject","inLanguage":"it-IT","@id":"https:\/\/www.raimondi-cucine.it\/it\/fotografie-cucine-componibili\/vendita-cucine-moderne\/#primaryimage","url":"https:\/\/www.raimondi-cucine.it\/wp-content\/uploads\/cucine_moderne_Sicilia.jpg","contentUrl":"https:\/\/www.raimondi-cucine.it\/wp-content\/uploads\/cucine_moderne_Sicilia.jpg"},{"@type":"BreadcrumbList","@id":"https:\/\/www.raimondi-cucine.it\/it\/fotografie-cucine-componibili\/vendita-cucine-moderne\/#breadcrumb","itemListElement":[{"@type":"ListItem","position":1,"name":"Home","item":"https:\/\/www.raimondi-cucine.it\/it\/"},{"@type":"ListItem","position":2,"name":"Cucine componibili &#8211; Galleria fotografica","item":"https:\/\/www.raimondi-cucine.it\/fotografie-cucine-componibili\/"},{"@type":"ListItem","position":3,"name":"Cucine moderne"}]},{"@type":"WebSite","@id":"https:\/\/www.raimondi-cucine.it\/it\/#website","url":"https:\/\/www.raimondi-cucine.it\/it\/","name":"Rivenditori cucine Sicilia","description":"Il design che d\u00e0 spazio ai tuoi desideri","publisher":{"@id":"https:\/\/www.raimondi-cucine.it\/it\/#organization"},"potentialAction":[{"@type":"SearchAction","target":{"@type":"EntryPoint","urlTemplate":"https:\/\/www.raimondi-cucine.it\/it\/?s={search_term_string}"},"query-input":"required name=search_term_string"}],"inLanguage":"it-IT"},{"@type":"Organization","@id":"https:\/\/www.raimondi-cucine.it\/it\/#organization","name":"Raimondi Cucine","url":"https:\/\/www.raimondi-cucine.it\/it\/","logo":{"@type":"ImageObject","inLanguage":"it-IT","@id":"https:\/\/www.raimondi-cucine.it\/it\/#\/schema\/logo\/image\/","url":"https:\/\/www.raimondi-cucine.it\/wp-content\/uploads\/banner_email.png","contentUrl":"https:\/\/www.raimondi-cucine.it\/wp-content\/uploads\/banner_email.png","width":560,"height":100,"caption":"Raimondi Cucine"},"image":{"@id":"https:\/\/www.raimondi-cucine.it\/it\/#\/schema\/logo\/image\/"},"sameAs":["https:\/\/www.facebook.com\/raimondicucine\/","https:\/\/www.youtube.com\/channel\/UCJpe1gYYTxKn6GmhBXdMLoA"]}]}},"_links":{"self":[{"href":"https:\/\/www.raimondi-cucine.it\/it\/wp-json\/wp\/v2\/pages\/668\/"}],"collection":[{"href":"https:\/\/www.raimondi-cucine.it\/it\/wp-json\/wp\/v2\/pages\/"}],"about":[{"href":"https:\/\/www.raimondi-cucine.it\/it\/wp-json\/wp\/v2\/types\/page\/"}],"author":[{"embeddable":true,"href":"https:\/\/www.raimondi-cucine.it\/it\/wp-json\/wp\/v2\/users\/2\/"}],"replies":[{"embeddable":true,"href":"https:\/\/www.raimondi-cucine.it\/it\/wp-json\/wp\/v2\/comments\/?post=668"}],"version-history":[{"count":26,"href":"https:\/\/www.raimondi-cucine.it\/it\/wp-json\/wp\/v2\/pages\/668\/revisions\/"}],"predecessor-version":[{"id":2924,"href":"https:\/\/www.raimondi-cucine.it\/it\/wp-json\/wp\/v2\/pages\/668\/revisions\/2924\/"}],"up":[{"embeddable":true,"href":"https:\/\/www.raimondi-cucine.it\/it\/wp-json\/wp\/v2\/pages\/584\/"}],"wp:attachment":[{"href":"https:\/\/www.raimondi-cucine.it\/it\/wp-json\/wp\/v2\/media\/?parent=668"}],"curies":[{"name":"wp","href":"https:\/\/api.w.org\/{rel}","templated":true}]}}